{"id":18,"date":"2020-02-22T12:01:09","date_gmt":"2020-02-22T12:01:09","guid":{"rendered":"http:\/\/fuenfhoefe.de\/?page_id=18"},"modified":"2025-09-04T12:19:27","modified_gmt":"2025-09-04T10:19:27","slug":"news","status":"publish","type":"page","link":"https:\/\/fuenfhoefe.de\/en\/news\/","title":{"rendered":"News"},"content":{"rendered":"\n<h1 class=\"wp-block-heading\"><strong><strong>Latest news, fashion trends, events<\/strong><\/strong><\/h1>\n\n\n\n<p>What&#8217;s new? What are the latest fashion trends? Which store has special offers or new products?<\/p>\n\n\n\n<p>HHere you will always find the latest news from CityQuartier F\u00dcNF H\u00d6FE Munich.<br><\/p>\n\n<hr>\n\n\n\n<section class=\"RecentPosts \">\n  <div class=\"RecentPosts-list\">\n    <!-- Posts -->\n                  <div class=\"RecentPosts-item \">\n          \n<div class=\"PostCard\">\n  <a class=\"PostCard-link\" href=\"https:\/\/fuenfhoefe.de\/en\/urban-gardeners-pop-up-at-funf-hofen\/\">\n    <figure>\n      <img loading=\"lazy\" decoding=\"async\" width=\"360\" height=\"360\" src=\"https:\/\/fuenfhoefe.de\/wp-content\/uploads\/DSC01076-360x360.jpg\" class=\"PostCard-image wp-post-image\" alt=\"\" srcset=\"https:\/\/fuenfhoefe.de\/wp-content\/uploads\/DSC01076-360x360.jpg 360w, https:\/\/fuenfhoefe.de\/wp-content\/uploads\/DSC01076-150x150.jpg 150w, https:\/\/fuenfhoefe.de\/wp-content\/uploads\/DSC01076-216x216.jpg 216w, https:\/\/fuenfhoefe.de\/wp-content\/uploads\/DSC01076-300x300.jpg 300w, https:\/\/fuenfhoefe.de\/wp-content\/uploads\/DSC01076-100x100.jpg 100w\" sizes=\"auto, (max-width: 360px) 100vw, 360px\" \/>      <figcaption class=\"PostCard-caption\">\n        <h3 class=\"PostCard-category\">News<\/h3>\n      <\/figcaption>\n    <\/figure>\n    <div class=\"PostCard-meta\">\n      <h4 class=\"PostCard-date\">04\/15\/2026<\/h4>\n      <h3 class=\"PostCard-title\">Urban Gardeners POP-UP at F\u00dcNF H\u00d6FE<\/h3>\n    <\/div>\n  <\/a>\n<\/div>\n        <\/div>\n              <div class=\"RecentPosts-item \">\n          \n<div class=\"PostCard\">\n  <a class=\"PostCard-link\" href=\"https:\/\/fuenfhoefe.de\/en\/haircuts-of-stories\/\">\n    <figure>\n      <img loading=\"lazy\" decoding=\"async\" width=\"360\" height=\"360\" src=\"https:\/\/fuenfhoefe.de\/wp-content\/uploads\/IMG_4633bea-360x360.jpeg\" class=\"PostCard-image wp-post-image\" alt=\"\" srcset=\"https:\/\/fuenfhoefe.de\/wp-content\/uploads\/IMG_4633bea-360x360.jpeg 360w, https:\/\/fuenfhoefe.de\/wp-content\/uploads\/IMG_4633bea-150x150.jpeg 150w, https:\/\/fuenfhoefe.de\/wp-content\/uploads\/IMG_4633bea-216x216.jpeg 216w, https:\/\/fuenfhoefe.de\/wp-content\/uploads\/IMG_4633bea-300x300.jpeg 300w, https:\/\/fuenfhoefe.de\/wp-content\/uploads\/IMG_4633bea-100x100.jpeg 100w\" sizes=\"auto, (max-width: 360px) 100vw, 360px\" \/>      <figcaption class=\"PostCard-caption\">\n        <h3 class=\"PostCard-category\">News<\/h3>\n      <\/figcaption>\n    <\/figure>\n    <div class=\"PostCard-meta\">\n      <h4 class=\"PostCard-date\">04\/02\/2026<\/h4>\n      <h3 class=\"PostCard-title\">Haircuts for Stories<\/h3>\n    <\/div>\n  <\/a>\n<\/div>\n        <\/div>\n              <div class=\"RecentPosts-item \">\n          \n<div class=\"PostCard\">\n  <a class=\"PostCard-link\" href=\"https:\/\/fuenfhoefe.de\/en\/haar-macht-lustneue-ausstellung-in-der-kunsthalle-munchen-20-03-04-10-2026\/\">\n    <figure>\n      <img loading=\"lazy\" decoding=\"async\" width=\"360\" height=\"360\" src=\"https:\/\/fuenfhoefe.de\/wp-content\/uploads\/HaarMachtLust_144-360x360.jpg\" class=\"PostCard-image wp-post-image\" alt=\"\" srcset=\"https:\/\/fuenfhoefe.de\/wp-content\/uploads\/HaarMachtLust_144-360x360.jpg 360w, https:\/\/fuenfhoefe.de\/wp-content\/uploads\/HaarMachtLust_144-150x150.jpg 150w, https:\/\/fuenfhoefe.de\/wp-content\/uploads\/HaarMachtLust_144-216x216.jpg 216w, https:\/\/fuenfhoefe.de\/wp-content\/uploads\/HaarMachtLust_144-300x300.jpg 300w, https:\/\/fuenfhoefe.de\/wp-content\/uploads\/HaarMachtLust_144-100x100.jpg 100w\" sizes=\"auto, (max-width: 360px) 100vw, 360px\" \/>      <figcaption class=\"PostCard-caption\">\n        <h3 class=\"PostCard-category\">News<\/h3>\n      <\/figcaption>\n    <\/figure>\n    <div class=\"PostCard-meta\">\n      <h4 class=\"PostCard-date\">03\/20\/2026<\/h4>\n      <h3 class=\"PostCard-title\">HAIR STORIES OF POWER AND PASSION\u00a0Kunsthalle M\u00fcnchen 20.03.\u201304.10.2026<\/h3>\n    <\/div>\n  <\/a>\n<\/div>\n        <\/div>\n              <div class=\"RecentPosts-item \">\n          \n<div class=\"PostCard\">\n  <a class=\"PostCard-link\" href=\"https:\/\/fuenfhoefe.de\/en\/mytheresa-pop-up-store-in-funf-hofe\/\">\n    <figure>\n      <img loading=\"lazy\" decoding=\"async\" width=\"360\" height=\"360\" src=\"https:\/\/fuenfhoefe.de\/wp-content\/uploads\/20260227_125502-360x360.jpg\" class=\"PostCard-image wp-post-image\" alt=\"\" srcset=\"https:\/\/fuenfhoefe.de\/wp-content\/uploads\/20260227_125502-360x360.jpg 360w, https:\/\/fuenfhoefe.de\/wp-content\/uploads\/20260227_125502-150x150.jpg 150w, https:\/\/fuenfhoefe.de\/wp-content\/uploads\/20260227_125502-216x216.jpg 216w, https:\/\/fuenfhoefe.de\/wp-content\/uploads\/20260227_125502-300x300.jpg 300w, https:\/\/fuenfhoefe.de\/wp-content\/uploads\/20260227_125502-100x100.jpg 100w\" sizes=\"auto, (max-width: 360px) 100vw, 360px\" \/>      <figcaption class=\"PostCard-caption\">\n        <h3 class=\"PostCard-category\">News<\/h3>\n      <\/figcaption>\n    <\/figure>\n    <div class=\"PostCard-meta\">\n      <h4 class=\"PostCard-date\">02\/27\/2026<\/h4>\n      <h3 class=\"PostCard-title\">Mytheresa pop-up store in F\u00dcNF H\u00d6FE<\/h3>\n    <\/div>\n  <\/a>\n<\/div>\n        <\/div>\n              <div class=\"RecentPosts-item \">\n          \n<div class=\"PostCard\">\n  <a class=\"PostCard-link\" href=\"https:\/\/fuenfhoefe.de\/en\/tango-argentino-under-the-hanging-gardens\/\">\n    <figure>\n      <img loading=\"lazy\" decoding=\"async\" width=\"360\" height=\"360\" src=\"https:\/\/fuenfhoefe.de\/wp-content\/uploads\/IMG_0503-360x360.jpg\" class=\"PostCard-image wp-post-image\" alt=\"\" srcset=\"https:\/\/fuenfhoefe.de\/wp-content\/uploads\/IMG_0503-360x360.jpg 360w, https:\/\/fuenfhoefe.de\/wp-content\/uploads\/IMG_0503-300x300.jpg 300w, https:\/\/fuenfhoefe.de\/wp-content\/uploads\/IMG_0503-1024x1024.jpg 1024w, https:\/\/fuenfhoefe.de\/wp-content\/uploads\/IMG_0503-150x150.jpg 150w, https:\/\/fuenfhoefe.de\/wp-content\/uploads\/IMG_0503-768x768.jpg 768w, https:\/\/fuenfhoefe.de\/wp-content\/uploads\/IMG_0503-1536x1536.jpg 1536w, https:\/\/fuenfhoefe.de\/wp-content\/uploads\/IMG_0503-216x216.jpg 216w, https:\/\/fuenfhoefe.de\/wp-content\/uploads\/IMG_0503-600x600.jpg 600w, https:\/\/fuenfhoefe.de\/wp-content\/uploads\/IMG_0503-100x100.jpg 100w, https:\/\/fuenfhoefe.de\/wp-content\/uploads\/IMG_0503.jpg 1907w\" sizes=\"auto, (max-width: 360px) 100vw, 360px\" \/>      <figcaption class=\"PostCard-caption\">\n        <h3 class=\"PostCard-category\">News<\/h3>\n      <\/figcaption>\n    <\/figure>\n    <div class=\"PostCard-meta\">\n      <h4 class=\"PostCard-date\">02\/06\/2026<\/h4>\n      <h3 class=\"PostCard-title\">Tango Argentino: The milonga dates for 2026<\/h3>\n    <\/div>\n  <\/a>\n<\/div>\n        <\/div>\n              <div class=\"RecentPosts-item \">\n          \n<div class=\"PostCard\">\n  <a class=\"PostCard-link\" href=\"https:\/\/fuenfhoefe.de\/en\/a-kind-of-guise-pop-up-store-in-the-funf-hofen\/\">\n    <figure>\n      <img loading=\"lazy\" decoding=\"async\" width=\"360\" height=\"360\" src=\"https:\/\/fuenfhoefe.de\/wp-content\/uploads\/AKindofGuise-360x360.jpg\" class=\"PostCard-image wp-post-image\" alt=\"\" srcset=\"https:\/\/fuenfhoefe.de\/wp-content\/uploads\/AKindofGuise-360x360.jpg 360w, https:\/\/fuenfhoefe.de\/wp-content\/uploads\/AKindofGuise-300x300.jpg 300w, https:\/\/fuenfhoefe.de\/wp-content\/uploads\/AKindofGuise-1024x1024.jpg 1024w, https:\/\/fuenfhoefe.de\/wp-content\/uploads\/AKindofGuise-150x150.jpg 150w, https:\/\/fuenfhoefe.de\/wp-content\/uploads\/AKindofGuise-768x767.jpg 768w, https:\/\/fuenfhoefe.de\/wp-content\/uploads\/AKindofGuise-1536x1536.jpg 1536w, https:\/\/fuenfhoefe.de\/wp-content\/uploads\/AKindofGuise-2048x2046.jpg 2048w, https:\/\/fuenfhoefe.de\/wp-content\/uploads\/AKindofGuise-2000x1998.jpg 2000w, https:\/\/fuenfhoefe.de\/wp-content\/uploads\/AKindofGuise-216x216.jpg 216w, https:\/\/fuenfhoefe.de\/wp-content\/uploads\/AKindofGuise-600x599.jpg 600w, https:\/\/fuenfhoefe.de\/wp-content\/uploads\/AKindofGuise-100x100.jpg 100w\" sizes=\"auto, (max-width: 360px) 100vw, 360px\" \/>      <figcaption class=\"PostCard-caption\">\n        <h3 class=\"PostCard-category\">News<\/h3>\n      <\/figcaption>\n    <\/figure>\n    <div class=\"PostCard-meta\">\n      <h4 class=\"PostCard-date\">12\/12\/2025<\/h4>\n      <h3 class=\"PostCard-title\">A Kind of Guise: pop-up store in the F\u00dcNF H\u00d6FEN<\/h3>\n    <\/div>\n  <\/a>\n<\/div>\n        <\/div>\n              <div class=\"RecentPosts-item \">\n          \n<div class=\"PostCard\">\n  <a class=\"PostCard-link\" href=\"https:\/\/fuenfhoefe.de\/en\/pre-christmas-highlights-at-funf-hofen\/\">\n    <figure>\n      <img loading=\"lazy\" decoding=\"async\" width=\"360\" height=\"360\" src=\"https:\/\/fuenfhoefe.de\/wp-content\/uploads\/FINAL_FUNF-HOFE_WINTER_V2-360x360.jpg\" class=\"PostCard-image wp-post-image\" alt=\"\" srcset=\"https:\/\/fuenfhoefe.de\/wp-content\/uploads\/FINAL_FUNF-HOFE_WINTER_V2-360x360.jpg 360w, https:\/\/fuenfhoefe.de\/wp-content\/uploads\/FINAL_FUNF-HOFE_WINTER_V2-150x150.jpg 150w, https:\/\/fuenfhoefe.de\/wp-content\/uploads\/FINAL_FUNF-HOFE_WINTER_V2-216x216.jpg 216w, https:\/\/fuenfhoefe.de\/wp-content\/uploads\/FINAL_FUNF-HOFE_WINTER_V2-300x300.jpg 300w, https:\/\/fuenfhoefe.de\/wp-content\/uploads\/FINAL_FUNF-HOFE_WINTER_V2-100x100.jpg 100w\" sizes=\"auto, (max-width: 360px) 100vw, 360px\" \/>      <figcaption class=\"PostCard-caption\">\n        <h3 class=\"PostCard-category\">News<\/h3>\n      <\/figcaption>\n    <\/figure>\n    <div class=\"PostCard-meta\">\n      <h4 class=\"PostCard-date\">11\/17\/2025<\/h4>\n      <h3 class=\"PostCard-title\">Pre-Christmas highlights at F\u00dcNF H\u00d6FEN<\/h3>\n    <\/div>\n  <\/a>\n<\/div>\n        <\/div>\n              <div class=\"RecentPosts-item \">\n          \n<div class=\"PostCard\">\n  <a class=\"PostCard-link\" href=\"https:\/\/fuenfhoefe.de\/en\/halloween-costume-contest\/\">\n    <figure>\n      <img loading=\"lazy\" decoding=\"async\" width=\"360\" height=\"360\" src=\"https:\/\/fuenfhoefe.de\/wp-content\/uploads\/iStock-1276383945_bea-360x360.png\" class=\"PostCard-image wp-post-image\" alt=\"\" srcset=\"https:\/\/fuenfhoefe.de\/wp-content\/uploads\/iStock-1276383945_bea-360x360.png 360w, https:\/\/fuenfhoefe.de\/wp-content\/uploads\/iStock-1276383945_bea-150x150.png 150w, https:\/\/fuenfhoefe.de\/wp-content\/uploads\/iStock-1276383945_bea-216x216.png 216w, https:\/\/fuenfhoefe.de\/wp-content\/uploads\/iStock-1276383945_bea-300x300.png 300w, https:\/\/fuenfhoefe.de\/wp-content\/uploads\/iStock-1276383945_bea-100x100.png 100w\" sizes=\"auto, (max-width: 360px) 100vw, 360px\" \/>      <figcaption class=\"PostCard-caption\">\n        <h3 class=\"PostCard-category\">News<\/h3>\n      <\/figcaption>\n    <\/figure>\n    <div class=\"PostCard-meta\">\n      <h4 class=\"PostCard-date\">10\/23\/2025<\/h4>\n      <h3 class=\"PostCard-title\">Halloween party with costume contest<\/h3>\n    <\/div>\n  <\/a>\n<\/div>\n        <\/div>\n              <div class=\"RecentPosts-item \">\n          \n<div class=\"PostCard\">\n  <a class=\"PostCard-link\" href=\"https:\/\/fuenfhoefe.de\/en\/kunsthalle-munchen-events-accompanying-the-exhibition-digital-by-nature\/\">\n    <figure>\n      <img loading=\"lazy\" decoding=\"async\" width=\"360\" height=\"360\" src=\"https:\/\/fuenfhoefe.de\/wp-content\/uploads\/20250911_193922-360x360.jpg\" class=\"PostCard-image wp-post-image\" alt=\"\" srcset=\"https:\/\/fuenfhoefe.de\/wp-content\/uploads\/20250911_193922-360x360.jpg 360w, https:\/\/fuenfhoefe.de\/wp-content\/uploads\/20250911_193922-300x300.jpg 300w, https:\/\/fuenfhoefe.de\/wp-content\/uploads\/20250911_193922-1024x1024.jpg 1024w, https:\/\/fuenfhoefe.de\/wp-content\/uploads\/20250911_193922-150x150.jpg 150w, https:\/\/fuenfhoefe.de\/wp-content\/uploads\/20250911_193922-768x768.jpg 768w, https:\/\/fuenfhoefe.de\/wp-content\/uploads\/20250911_193922-1536x1536.jpg 1536w, https:\/\/fuenfhoefe.de\/wp-content\/uploads\/20250911_193922-2048x2048.jpg 2048w, https:\/\/fuenfhoefe.de\/wp-content\/uploads\/20250911_193922-2000x2000.jpg 2000w, https:\/\/fuenfhoefe.de\/wp-content\/uploads\/20250911_193922-216x216.jpg 216w, https:\/\/fuenfhoefe.de\/wp-content\/uploads\/20250911_193922-600x600.jpg 600w, https:\/\/fuenfhoefe.de\/wp-content\/uploads\/20250911_193922-100x100.jpg 100w\" sizes=\"auto, (max-width: 360px) 100vw, 360px\" \/>      <figcaption class=\"PostCard-caption\">\n        <h3 class=\"PostCard-category\">News<\/h3>\n      <\/figcaption>\n    <\/figure>\n    <div class=\"PostCard-meta\">\n      <h4 class=\"PostCard-date\">10\/20\/2025<\/h4>\n      <h3 class=\"PostCard-title\">Kunsthalle M\u00fcnchen: Events accompanying the exhibition Digital by Nature<\/h3>\n    <\/div>\n  <\/a>\n<\/div>\n        <\/div>\n              <div class=\"RecentPosts-item \">\n          \n<div class=\"PostCard\">\n  <a class=\"PostCard-link\" href=\"https:\/\/fuenfhoefe.de\/en\/reopening-bash-and-patrizia-pepe\/\">\n    <figure>\n      <img loading=\"lazy\" decoding=\"async\" width=\"360\" height=\"360\" src=\"https:\/\/fuenfhoefe.de\/wp-content\/uploads\/20250922_160248-360x360.jpg\" class=\"PostCard-image wp-post-image\" alt=\"\" srcset=\"https:\/\/fuenfhoefe.de\/wp-content\/uploads\/20250922_160248-360x360.jpg 360w, https:\/\/fuenfhoefe.de\/wp-content\/uploads\/20250922_160248-300x300.jpg 300w, https:\/\/fuenfhoefe.de\/wp-content\/uploads\/20250922_160248-1024x1024.jpg 1024w, https:\/\/fuenfhoefe.de\/wp-content\/uploads\/20250922_160248-150x150.jpg 150w, https:\/\/fuenfhoefe.de\/wp-content\/uploads\/20250922_160248-768x768.jpg 768w, https:\/\/fuenfhoefe.de\/wp-content\/uploads\/20250922_160248-1536x1536.jpg 1536w, https:\/\/fuenfhoefe.de\/wp-content\/uploads\/20250922_160248-2048x2048.jpg 2048w, https:\/\/fuenfhoefe.de\/wp-content\/uploads\/20250922_160248-2000x2000.jpg 2000w, https:\/\/fuenfhoefe.de\/wp-content\/uploads\/20250922_160248-216x216.jpg 216w, https:\/\/fuenfhoefe.de\/wp-content\/uploads\/20250922_160248-600x600.jpg 600w, https:\/\/fuenfhoefe.de\/wp-content\/uploads\/20250922_160248-100x100.jpg 100w\" sizes=\"auto, (max-width: 360px) 100vw, 360px\" \/>      <figcaption class=\"PostCard-caption\">\n        <h3 class=\"PostCard-category\">News<\/h3>\n      <\/figcaption>\n    <\/figure>\n    <div class=\"PostCard-meta\">\n      <h4 class=\"PostCard-date\">09\/23\/2025<\/h4>\n      <h3 class=\"PostCard-title\">Reopening: ba&amp;sh and Patrizia Pepe<\/h3>\n    <\/div>\n  <\/a>\n<\/div>\n        <\/div>\n              <div class=\"RecentPosts-item \">\n          \n<div class=\"PostCard\">\n  <a class=\"PostCard-link\" href=\"https:\/\/fuenfhoefe.de\/en\/sabre-paris-opens-its-first-store-in-germany\/\">\n    <figure>\n      <img loading=\"lazy\" decoding=\"async\" width=\"360\" height=\"360\" src=\"https:\/\/fuenfhoefe.de\/wp-content\/uploads\/Website_Sabre_1-360x360.jpg\" class=\"PostCard-image wp-post-image\" alt=\"\" srcset=\"https:\/\/fuenfhoefe.de\/wp-content\/uploads\/Website_Sabre_1-360x360.jpg 360w, https:\/\/fuenfhoefe.de\/wp-content\/uploads\/Website_Sabre_1-300x300.jpg 300w, https:\/\/fuenfhoefe.de\/wp-content\/uploads\/Website_Sabre_1-1024x1024.jpg 1024w, https:\/\/fuenfhoefe.de\/wp-content\/uploads\/Website_Sabre_1-150x150.jpg 150w, https:\/\/fuenfhoefe.de\/wp-content\/uploads\/Website_Sabre_1-768x768.jpg 768w, https:\/\/fuenfhoefe.de\/wp-content\/uploads\/Website_Sabre_1-1536x1536.jpg 1536w, https:\/\/fuenfhoefe.de\/wp-content\/uploads\/Website_Sabre_1-2048x2048.jpg 2048w, https:\/\/fuenfhoefe.de\/wp-content\/uploads\/Website_Sabre_1-2000x2000.jpg 2000w, https:\/\/fuenfhoefe.de\/wp-content\/uploads\/Website_Sabre_1-216x216.jpg 216w, https:\/\/fuenfhoefe.de\/wp-content\/uploads\/Website_Sabre_1-600x600.jpg 600w, https:\/\/fuenfhoefe.de\/wp-content\/uploads\/Website_Sabre_1-100x100.jpg 100w\" sizes=\"auto, (max-width: 360px) 100vw, 360px\" \/>      <figcaption class=\"PostCard-caption\">\n        <h3 class=\"PostCard-category\">News<\/h3>\n      <\/figcaption>\n    <\/figure>\n    <div class=\"PostCard-meta\">\n      <h4 class=\"PostCard-date\">09\/17\/2025<\/h4>\n      <h3 class=\"PostCard-title\">Sabre Paris opens its first store in Germany<\/h3>\n    <\/div>\n  <\/a>\n<\/div>\n        <\/div>\n              <div class=\"RecentPosts-item \">\n          \n<div class=\"PostCard\">\n  <a class=\"PostCard-link\" href=\"https:\/\/fuenfhoefe.de\/en\/kunsthalle-munchen-digital-by-nature\/\">\n    <figure>\n      <img loading=\"lazy\" decoding=\"async\" width=\"360\" height=\"360\" src=\"https:\/\/fuenfhoefe.de\/wp-content\/uploads\/20250911_210251-360x360.jpg\" class=\"PostCard-image wp-post-image\" alt=\"\" srcset=\"https:\/\/fuenfhoefe.de\/wp-content\/uploads\/20250911_210251-360x360.jpg 360w, https:\/\/fuenfhoefe.de\/wp-content\/uploads\/20250911_210251-300x300.jpg 300w, https:\/\/fuenfhoefe.de\/wp-content\/uploads\/20250911_210251-1024x1024.jpg 1024w, https:\/\/fuenfhoefe.de\/wp-content\/uploads\/20250911_210251-150x150.jpg 150w, https:\/\/fuenfhoefe.de\/wp-content\/uploads\/20250911_210251-768x768.jpg 768w, https:\/\/fuenfhoefe.de\/wp-content\/uploads\/20250911_210251-1536x1536.jpg 1536w, https:\/\/fuenfhoefe.de\/wp-content\/uploads\/20250911_210251-2048x2048.jpg 2048w, https:\/\/fuenfhoefe.de\/wp-content\/uploads\/20250911_210251-2000x2000.jpg 2000w, https:\/\/fuenfhoefe.de\/wp-content\/uploads\/20250911_210251-216x216.jpg 216w, https:\/\/fuenfhoefe.de\/wp-content\/uploads\/20250911_210251-600x600.jpg 600w, https:\/\/fuenfhoefe.de\/wp-content\/uploads\/20250911_210251-100x100.jpg 100w\" sizes=\"auto, (max-width: 360px) 100vw, 360px\" \/>      <figcaption class=\"PostCard-caption\">\n        <h3 class=\"PostCard-category\">News<\/h3>\n      <\/figcaption>\n    <\/figure>\n    <div class=\"PostCard-meta\">\n      <h4 class=\"PostCard-date\">09\/12\/2025<\/h4>\n      <h3 class=\"PostCard-title\">Kunsthalle M\u00fcnchen: Digital by Nature<\/h3>\n    <\/div>\n  <\/a>\n<\/div>\n        <\/div>\n              <div class=\"RecentPosts-item \">\n          \n<div class=\"PostCard\">\n  <a class=\"PostCard-link\" href=\"https:\/\/fuenfhoefe.de\/en\/jazz-summer-2025-at-the-bayerischer-hof\/\">\n    <figure>\n      <img loading=\"lazy\" decoding=\"async\" width=\"312\" height=\"360\" src=\"https:\/\/fuenfhoefe.de\/wp-content\/uploads\/Jazzsommer_Cover25-312x360.jpg\" class=\"PostCard-image wp-post-image\" alt=\"\" \/>      <figcaption class=\"PostCard-caption\">\n        <h3 class=\"PostCard-category\">News<\/h3>\n      <\/figcaption>\n    <\/figure>\n    <div class=\"PostCard-meta\">\n      <h4 class=\"PostCard-date\">07\/09\/2025<\/h4>\n      <h3 class=\"PostCard-title\">JAZZ SUMMER 2025 at the Bayerischer Hof<\/h3>\n    <\/div>\n  <\/a>\n<\/div>\n        <\/div>\n              <div class=\"RecentPosts-item \">\n          \n<div class=\"PostCard\">\n  <a class=\"PostCard-link\" href=\"https:\/\/fuenfhoefe.de\/en\/funf-hofe-x-filmfest-munchen-2025\/\">\n    <figure>\n      <img loading=\"lazy\" decoding=\"async\" width=\"360\" height=\"360\" src=\"https:\/\/fuenfhoefe.de\/wp-content\/uploads\/20250624_115540-360x360.jpg\" class=\"PostCard-image wp-post-image\" alt=\"\" srcset=\"https:\/\/fuenfhoefe.de\/wp-content\/uploads\/20250624_115540-360x360.jpg 360w, https:\/\/fuenfhoefe.de\/wp-content\/uploads\/20250624_115540-150x150.jpg 150w, https:\/\/fuenfhoefe.de\/wp-content\/uploads\/20250624_115540-216x216.jpg 216w, https:\/\/fuenfhoefe.de\/wp-content\/uploads\/20250624_115540-300x300.jpg 300w, https:\/\/fuenfhoefe.de\/wp-content\/uploads\/20250624_115540-100x100.jpg 100w\" sizes=\"auto, (max-width: 360px) 100vw, 360px\" \/>      <figcaption class=\"PostCard-caption\">\n        <h3 class=\"PostCard-category\">News<\/h3>\n      <\/figcaption>\n    <\/figure>\n    <div class=\"PostCard-meta\">\n      <h4 class=\"PostCard-date\">06\/24\/2025<\/h4>\n      <h3 class=\"PostCard-title\">F\u00dcNF H\u00d6FE x FILMFEST M\u00dcNCHEN 2025<\/h3>\n    <\/div>\n  <\/a>\n<\/div>\n        <\/div>\n              <div class=\"RecentPosts-item \">\n          \n<div class=\"PostCard\">\n  <a class=\"PostCard-link\" href=\"https:\/\/fuenfhoefe.de\/en\/funf-hofe-x-mcbw-design-for-participation\/\">\n    <figure>\n      <img loading=\"lazy\" decoding=\"async\" width=\"360\" height=\"360\" src=\"https:\/\/fuenfhoefe.de\/wp-content\/uploads\/2024.10.15_Collective_Paper_Aesthetics-DDW2024-De_Kazerne_114_30x42cm_300dpi-360x360.jpg\" class=\"PostCard-image wp-post-image\" alt=\"\" srcset=\"https:\/\/fuenfhoefe.de\/wp-content\/uploads\/2024.10.15_Collective_Paper_Aesthetics-DDW2024-De_Kazerne_114_30x42cm_300dpi-360x360.jpg 360w, https:\/\/fuenfhoefe.de\/wp-content\/uploads\/2024.10.15_Collective_Paper_Aesthetics-DDW2024-De_Kazerne_114_30x42cm_300dpi-150x150.jpg 150w, https:\/\/fuenfhoefe.de\/wp-content\/uploads\/2024.10.15_Collective_Paper_Aesthetics-DDW2024-De_Kazerne_114_30x42cm_300dpi-216x216.jpg 216w, https:\/\/fuenfhoefe.de\/wp-content\/uploads\/2024.10.15_Collective_Paper_Aesthetics-DDW2024-De_Kazerne_114_30x42cm_300dpi-300x300.jpg 300w, https:\/\/fuenfhoefe.de\/wp-content\/uploads\/2024.10.15_Collective_Paper_Aesthetics-DDW2024-De_Kazerne_114_30x42cm_300dpi-100x100.jpg 100w\" sizes=\"auto, (max-width: 360px) 100vw, 360px\" \/>      <figcaption class=\"PostCard-caption\">\n        <h3 class=\"PostCard-category\">News<\/h3>\n      <\/figcaption>\n    <\/figure>\n    <div class=\"PostCard-meta\">\n      <h4 class=\"PostCard-date\">05\/08\/2025<\/h4>\n      <h3 class=\"PostCard-title\">F\u00dcNF H\u00d6FE x MCBW: Design for participation<\/h3>\n    <\/div>\n  <\/a>\n<\/div>\n        <\/div>\n              <div class=\"RecentPosts-item \">\n          \n<div class=\"PostCard\">\n  <a class=\"PostCard-link\" href=\"https:\/\/fuenfhoefe.de\/en\/karaoke-night-at-the-funf-hofe\/\">\n    <figure>\n      <img loading=\"lazy\" decoding=\"async\" width=\"360\" height=\"360\" src=\"https:\/\/fuenfhoefe.de\/wp-content\/uploads\/FH_Moodbild_LNdM_bearbeitet_Farbe_klein-360x360.jpg\" class=\"PostCard-image wp-post-image\" alt=\"\" srcset=\"https:\/\/fuenfhoefe.de\/wp-content\/uploads\/FH_Moodbild_LNdM_bearbeitet_Farbe_klein-360x360.jpg 360w, https:\/\/fuenfhoefe.de\/wp-content\/uploads\/FH_Moodbild_LNdM_bearbeitet_Farbe_klein-150x150.jpg 150w, https:\/\/fuenfhoefe.de\/wp-content\/uploads\/FH_Moodbild_LNdM_bearbeitet_Farbe_klein-216x216.jpg 216w, https:\/\/fuenfhoefe.de\/wp-content\/uploads\/FH_Moodbild_LNdM_bearbeitet_Farbe_klein-300x300.jpg 300w, https:\/\/fuenfhoefe.de\/wp-content\/uploads\/FH_Moodbild_LNdM_bearbeitet_Farbe_klein-100x100.jpg 100w\" sizes=\"auto, (max-width: 360px) 100vw, 360px\" \/>      <figcaption class=\"PostCard-caption\">\n        <h3 class=\"PostCard-category\">News<\/h3>\n      <\/figcaption>\n    <\/figure>\n    <div class=\"PostCard-meta\">\n      <h4 class=\"PostCard-date\">05\/06\/2025<\/h4>\n      <h3 class=\"PostCard-title\">Karaoke Night at the F\u00dcNF H\u00d6FE<\/h3>\n    <\/div>\n  <\/a>\n<\/div>\n        <\/div>\n              <div class=\"RecentPosts-item \">\n          \n<div class=\"PostCard\">\n  <a class=\"PostCard-link\" href=\"https:\/\/fuenfhoefe.de\/en\/opening-of-bravo-centro-farnetani\/\">\n    <figure>\n      <img loading=\"lazy\" decoding=\"async\" width=\"360\" height=\"360\" src=\"https:\/\/fuenfhoefe.de\/wp-content\/uploads\/SimonPreisinger_gorilloStudi_Titelbild-360x360.jpg\" class=\"PostCard-image wp-post-image\" alt=\"\" srcset=\"https:\/\/fuenfhoefe.de\/wp-content\/uploads\/SimonPreisinger_gorilloStudi_Titelbild-360x360.jpg 360w, https:\/\/fuenfhoefe.de\/wp-content\/uploads\/SimonPreisinger_gorilloStudi_Titelbild-300x300.jpg 300w, https:\/\/fuenfhoefe.de\/wp-content\/uploads\/SimonPreisinger_gorilloStudi_Titelbild-150x150.jpg 150w, https:\/\/fuenfhoefe.de\/wp-content\/uploads\/SimonPreisinger_gorilloStudi_Titelbild-216x216.jpg 216w, https:\/\/fuenfhoefe.de\/wp-content\/uploads\/SimonPreisinger_gorilloStudi_Titelbild-600x600.jpg 600w, https:\/\/fuenfhoefe.de\/wp-content\/uploads\/SimonPreisinger_gorilloStudi_Titelbild-100x100.jpg 100w, https:\/\/fuenfhoefe.de\/wp-content\/uploads\/SimonPreisinger_gorilloStudi_Titelbild.jpg 731w\" sizes=\"auto, (max-width: 360px) 100vw, 360px\" \/>      <figcaption class=\"PostCard-caption\">\n        <h3 class=\"PostCard-category\">News<\/h3>\n      <\/figcaption>\n    <\/figure>\n    <div class=\"PostCard-meta\">\n      <h4 class=\"PostCard-date\">04\/25\/2025<\/h4>\n      <h3 class=\"PostCard-title\">Opening of BRAVO CENTRO FARNETANI<\/h3>\n    <\/div>\n  <\/a>\n<\/div>\n        <\/div>\n              <div class=\"RecentPosts-item \">\n          \n<div class=\"PostCard\">\n  <a class=\"PostCard-link\" href=\"https:\/\/fuenfhoefe.de\/en\/munich-racecourse-01-05-2025-funf-hofe-race\/\">\n    <figure>\n      <img loading=\"lazy\" decoding=\"async\" width=\"360\" height=\"360\" src=\"https:\/\/fuenfhoefe.de\/wp-content\/uploads\/Posting-Bild-360x360.jpg\" class=\"PostCard-image wp-post-image\" alt=\"Galopprennbahn M\u00fcnchen\" srcset=\"https:\/\/fuenfhoefe.de\/wp-content\/uploads\/Posting-Bild-360x360.jpg 360w, https:\/\/fuenfhoefe.de\/wp-content\/uploads\/Posting-Bild-150x150.jpg 150w, https:\/\/fuenfhoefe.de\/wp-content\/uploads\/Posting-Bild-216x216.jpg 216w, https:\/\/fuenfhoefe.de\/wp-content\/uploads\/Posting-Bild-300x300.jpg 300w, https:\/\/fuenfhoefe.de\/wp-content\/uploads\/Posting-Bild-100x100.jpg 100w\" sizes=\"auto, (max-width: 360px) 100vw, 360px\" \/>      <figcaption class=\"PostCard-caption\">\n        <h3 class=\"PostCard-category\">News<\/h3>\n      <\/figcaption>\n    <\/figure>\n    <div class=\"PostCard-meta\">\n      <h4 class=\"PostCard-date\">04\/17\/2025<\/h4>\n      <h3 class=\"PostCard-title\">Munich racecourse: 01.05.2025 F\u00dcNF H\u00d6FE race<\/h3>\n    <\/div>\n  <\/a>\n<\/div>\n        <\/div>\n              <div class=\"RecentPosts-item \">\n          \n<div class=\"PostCard\">\n  <a class=\"PostCard-link\" href=\"https:\/\/fuenfhoefe.de\/en\/kunsthalle-munchen-civilization-the-way-we-live-now\/\">\n    <figure>\n      <img loading=\"lazy\" decoding=\"async\" width=\"360\" height=\"360\" src=\"https:\/\/fuenfhoefe.de\/wp-content\/uploads\/Riedler_Wild-River-Florida_2005-360x360.jpg\" class=\"PostCard-image wp-post-image\" alt=\"\" srcset=\"https:\/\/fuenfhoefe.de\/wp-content\/uploads\/Riedler_Wild-River-Florida_2005-360x360.jpg 360w, https:\/\/fuenfhoefe.de\/wp-content\/uploads\/Riedler_Wild-River-Florida_2005-150x150.jpg 150w, https:\/\/fuenfhoefe.de\/wp-content\/uploads\/Riedler_Wild-River-Florida_2005-216x216.jpg 216w, https:\/\/fuenfhoefe.de\/wp-content\/uploads\/Riedler_Wild-River-Florida_2005-300x300.jpg 300w, https:\/\/fuenfhoefe.de\/wp-content\/uploads\/Riedler_Wild-River-Florida_2005-100x100.jpg 100w\" sizes=\"auto, (max-width: 360px) 100vw, 360px\" \/>      <figcaption class=\"PostCard-caption\">\n        <h3 class=\"PostCard-category\">News<\/h3>\n      <\/figcaption>\n    <\/figure>\n    <div class=\"PostCard-meta\">\n      <h4 class=\"PostCard-date\">04\/10\/2025<\/h4>\n      <h3 class=\"PostCard-title\">Kunsthalle M\u00fcnchen CIVILIZATION: The Way We Live Now<\/h3>\n    <\/div>\n  <\/a>\n<\/div>\n        <\/div>\n              <div class=\"RecentPosts-item \">\n          \n<div class=\"PostCard\">\n  <a class=\"PostCard-link\" href=\"https:\/\/fuenfhoefe.de\/en\/jugendstil-made-in-munich-program-tips\/\">\n    <figure>\n      <img loading=\"lazy\" decoding=\"async\" width=\"360\" height=\"360\" src=\"https:\/\/fuenfhoefe.de\/wp-content\/uploads\/Ausstellungsansicht-360x360.jpg\" class=\"PostCard-image wp-post-image\" alt=\"\" srcset=\"https:\/\/fuenfhoefe.de\/wp-content\/uploads\/Ausstellungsansicht-360x360.jpg 360w, https:\/\/fuenfhoefe.de\/wp-content\/uploads\/Ausstellungsansicht-150x150.jpg 150w, https:\/\/fuenfhoefe.de\/wp-content\/uploads\/Ausstellungsansicht-216x216.jpg 216w, https:\/\/fuenfhoefe.de\/wp-content\/uploads\/Ausstellungsansicht-300x300.jpg 300w, https:\/\/fuenfhoefe.de\/wp-content\/uploads\/Ausstellungsansicht-100x100.jpg 100w\" sizes=\"auto, (max-width: 360px) 100vw, 360px\" \/>      <figcaption class=\"PostCard-caption\">\n        <h3 class=\"PostCard-category\">News<\/h3>\n      <\/figcaption>\n    <\/figure>\n    <div class=\"PostCard-meta\">\n      <h4 class=\"PostCard-date\">01\/09\/2025<\/h4>\n      <h3 class=\"PostCard-title\">JUGENDSTIL. MADE IN MUNICH. Program tips<\/h3>\n    <\/div>\n  <\/a>\n<\/div>\n        <\/div>\n          \n    <!-- Custom Cards -->\n      <\/div>\n  <\/section>\n\n","protected":false},"excerpt":{"rendered":"<p>Latest news, fashion trends, events What&#8217;s new? What are the latest fashion trends? Which store has special offers or new products? HHere you will always find the latest news from CityQuartier F\u00dcNF H\u00d6FE Munich.<\/p>\n","protected":false},"author":5,"featured_media":1917,"parent":0,"menu_order":0,"comment_status":"closed","ping_status":"closed","template":"","meta":{"_acf_changed":false,"footnotes":""},"class_list":["post-18","page","type-page","status-publish","has-post-thumbnail","hentry"],"acf":[],"yoast_head":"<!-- This site is optimized with the Yoast SEO plugin v27.2 - https:\/\/yoast.com\/product\/yoast-seo-wordpress\/ -->\n<title>News : F\u00dcNF H\u00d6FE Shopping<\/title>\n<meta name=\"robots\" content=\"index, follow, max-snippet:-1, max-image-preview:large, max-video-preview:-1\" \/>\n<link rel=\"canonical\" href=\"https:\/\/fuenfhoefe.de\/en\/news\/\" \/>\n<meta property=\"og:locale\" content=\"en_US\" \/>\n<meta property=\"og:type\" content=\"article\" \/>\n<meta property=\"og:title\" content=\"News : F\u00dcNF H\u00d6FE Shopping\" \/>\n<meta property=\"og:description\" content=\"Latest news, fashion trends, events What&#8217;s new? What are the latest fashion trends? Which store has special offers or new products? HHere you will always find the latest news from CityQuartier F\u00dcNF H\u00d6FE Munich.\" \/>\n<meta property=\"og:url\" content=\"https:\/\/fuenfhoefe.de\/en\/news\/\" \/>\n<meta property=\"og:site_name\" content=\"F\u00dcNF H\u00d6FE Shopping\" \/>\n<meta property=\"article:modified_time\" content=\"2025-09-04T10:19:27+00:00\" \/>\n<meta property=\"og:image\" content=\"https:\/\/fuenfhoefe.de\/wp-content\/uploads\/csm_news_header_829e2224de.jpg\" \/>\n\t<meta property=\"og:image:width\" content=\"1900\" \/>\n\t<meta property=\"og:image:height\" content=\"1037\" \/>\n\t<meta property=\"og:image:type\" content=\"image\/jpeg\" \/>\n<meta name=\"twitter:card\" content=\"summary_large_image\" \/>\n<meta name=\"twitter:label1\" content=\"Est. reading time\" \/>\n\t<meta name=\"twitter:data1\" content=\"1 minute\" \/>\n<script type=\"application\/ld+json\" class=\"yoast-schema-graph\">{\"@context\":\"https:\/\/schema.org\",\"@graph\":[{\"@type\":\"WebPage\",\"@id\":\"https:\/\/fuenfhoefe.de\/en\/news\/\",\"url\":\"https:\/\/fuenfhoefe.de\/en\/news\/\",\"name\":\"News : F\u00dcNF H\u00d6FE Shopping\",\"isPartOf\":{\"@id\":\"https:\/\/fuenfhoefe.de\/en\/#website\"},\"primaryImageOfPage\":{\"@id\":\"https:\/\/fuenfhoefe.de\/en\/news\/#primaryimage\"},\"image\":{\"@id\":\"https:\/\/fuenfhoefe.de\/en\/news\/#primaryimage\"},\"thumbnailUrl\":\"https:\/\/fuenfhoefe.de\/wp-content\/uploads\/csm_news_header_829e2224de.jpg\",\"datePublished\":\"2020-02-22T12:01:09+00:00\",\"dateModified\":\"2025-09-04T10:19:27+00:00\",\"breadcrumb\":{\"@id\":\"https:\/\/fuenfhoefe.de\/en\/news\/#breadcrumb\"},\"inLanguage\":\"en-US\",\"potentialAction\":[{\"@type\":\"ReadAction\",\"target\":[\"https:\/\/fuenfhoefe.de\/en\/news\/\"]}]},{\"@type\":\"ImageObject\",\"inLanguage\":\"en-US\",\"@id\":\"https:\/\/fuenfhoefe.de\/en\/news\/#primaryimage\",\"url\":\"https:\/\/fuenfhoefe.de\/wp-content\/uploads\/csm_news_header_829e2224de.jpg\",\"contentUrl\":\"https:\/\/fuenfhoefe.de\/wp-content\/uploads\/csm_news_header_829e2224de.jpg\",\"width\":1900,\"height\":1037},{\"@type\":\"BreadcrumbList\",\"@id\":\"https:\/\/fuenfhoefe.de\/en\/news\/#breadcrumb\",\"itemListElement\":[{\"@type\":\"ListItem\",\"position\":1,\"name\":\"Home\",\"item\":\"https:\/\/fuenfhoefe.de\/en\/\"},{\"@type\":\"ListItem\",\"position\":2,\"name\":\"News\"}]},{\"@type\":\"WebSite\",\"@id\":\"https:\/\/fuenfhoefe.de\/en\/#website\",\"url\":\"https:\/\/fuenfhoefe.de\/en\/\",\"name\":\"F\u00dcNF H\u00d6FE Shopping\",\"description\":\"\",\"publisher\":{\"@id\":\"https:\/\/fuenfhoefe.de\/en\/#organization\"},\"potentialAction\":[{\"@type\":\"SearchAction\",\"target\":{\"@type\":\"EntryPoint\",\"urlTemplate\":\"https:\/\/fuenfhoefe.de\/en\/?s={search_term_string}\"},\"query-input\":{\"@type\":\"PropertyValueSpecification\",\"valueRequired\":true,\"valueName\":\"search_term_string\"}}],\"inLanguage\":\"en-US\"},{\"@type\":\"Organization\",\"@id\":\"https:\/\/fuenfhoefe.de\/en\/#organization\",\"name\":\"F\u00dcNF H\u00d6FE Shopping\",\"url\":\"https:\/\/fuenfhoefe.de\/en\/\",\"logo\":{\"@type\":\"ImageObject\",\"inLanguage\":\"en-US\",\"@id\":\"https:\/\/fuenfhoefe.de\/en\/#\/schema\/logo\/image\/\",\"url\":\"https:\/\/fuenfhoefe.de\/wp-content\/uploads\/cropped-logo-1.png\",\"contentUrl\":\"https:\/\/fuenfhoefe.de\/wp-content\/uploads\/cropped-logo-1.png\",\"width\":178,\"height\":46,\"caption\":\"F\u00dcNF H\u00d6FE Shopping\"},\"image\":{\"@id\":\"https:\/\/fuenfhoefe.de\/en\/#\/schema\/logo\/image\/\"}}]}<\/script>\n<!-- \/ Yoast SEO plugin. -->","yoast_head_json":{"title":"News : F\u00dcNF H\u00d6FE Shopping","robots":{"index":"index","follow":"follow","max-snippet":"max-snippet:-1","max-image-preview":"max-image-preview:large","max-video-preview":"max-video-preview:-1"},"canonical":"https:\/\/fuenfhoefe.de\/en\/news\/","og_locale":"en_US","og_type":"article","og_title":"News : F\u00dcNF H\u00d6FE Shopping","og_description":"Latest news, fashion trends, events What&#8217;s new? What are the latest fashion trends? Which store has special offers or new products? HHere you will always find the latest news from CityQuartier F\u00dcNF H\u00d6FE Munich.","og_url":"https:\/\/fuenfhoefe.de\/en\/news\/","og_site_name":"F\u00dcNF H\u00d6FE Shopping","article_modified_time":"2025-09-04T10:19:27+00:00","og_image":[{"width":1900,"height":1037,"url":"https:\/\/fuenfhoefe.de\/wp-content\/uploads\/csm_news_header_829e2224de.jpg","type":"image\/jpeg"}],"twitter_card":"summary_large_image","twitter_misc":{"Est. reading time":"1 minute"},"schema":{"@context":"https:\/\/schema.org","@graph":[{"@type":"WebPage","@id":"https:\/\/fuenfhoefe.de\/en\/news\/","url":"https:\/\/fuenfhoefe.de\/en\/news\/","name":"News : F\u00dcNF H\u00d6FE Shopping","isPartOf":{"@id":"https:\/\/fuenfhoefe.de\/en\/#website"},"primaryImageOfPage":{"@id":"https:\/\/fuenfhoefe.de\/en\/news\/#primaryimage"},"image":{"@id":"https:\/\/fuenfhoefe.de\/en\/news\/#primaryimage"},"thumbnailUrl":"https:\/\/fuenfhoefe.de\/wp-content\/uploads\/csm_news_header_829e2224de.jpg","datePublished":"2020-02-22T12:01:09+00:00","dateModified":"2025-09-04T10:19:27+00:00","breadcrumb":{"@id":"https:\/\/fuenfhoefe.de\/en\/news\/#breadcrumb"},"inLanguage":"en-US","potentialAction":[{"@type":"ReadAction","target":["https:\/\/fuenfhoefe.de\/en\/news\/"]}]},{"@type":"ImageObject","inLanguage":"en-US","@id":"https:\/\/fuenfhoefe.de\/en\/news\/#primaryimage","url":"https:\/\/fuenfhoefe.de\/wp-content\/uploads\/csm_news_header_829e2224de.jpg","contentUrl":"https:\/\/fuenfhoefe.de\/wp-content\/uploads\/csm_news_header_829e2224de.jpg","width":1900,"height":1037},{"@type":"BreadcrumbList","@id":"https:\/\/fuenfhoefe.de\/en\/news\/#breadcrumb","itemListElement":[{"@type":"ListItem","position":1,"name":"Home","item":"https:\/\/fuenfhoefe.de\/en\/"},{"@type":"ListItem","position":2,"name":"News"}]},{"@type":"WebSite","@id":"https:\/\/fuenfhoefe.de\/en\/#website","url":"https:\/\/fuenfhoefe.de\/en\/","name":"F\u00dcNF H\u00d6FE Shopping","description":"","publisher":{"@id":"https:\/\/fuenfhoefe.de\/en\/#organization"},"potentialAction":[{"@type":"SearchAction","target":{"@type":"EntryPoint","urlTemplate":"https:\/\/fuenfhoefe.de\/en\/?s={search_term_string}"},"query-input":{"@type":"PropertyValueSpecification","valueRequired":true,"valueName":"search_term_string"}}],"inLanguage":"en-US"},{"@type":"Organization","@id":"https:\/\/fuenfhoefe.de\/en\/#organization","name":"F\u00dcNF H\u00d6FE Shopping","url":"https:\/\/fuenfhoefe.de\/en\/","logo":{"@type":"ImageObject","inLanguage":"en-US","@id":"https:\/\/fuenfhoefe.de\/en\/#\/schema\/logo\/image\/","url":"https:\/\/fuenfhoefe.de\/wp-content\/uploads\/cropped-logo-1.png","contentUrl":"https:\/\/fuenfhoefe.de\/wp-content\/uploads\/cropped-logo-1.png","width":178,"height":46,"caption":"F\u00dcNF H\u00d6FE Shopping"},"image":{"@id":"https:\/\/fuenfhoefe.de\/en\/#\/schema\/logo\/image\/"}}]}},"_links":{"self":[{"href":"https:\/\/fuenfhoefe.de\/en\/wp-json\/wp\/v2\/pages\/18","targetHints":{"allow":["GET"]}}],"collection":[{"href":"https:\/\/fuenfhoefe.de\/en\/wp-json\/wp\/v2\/pages"}],"about":[{"href":"https:\/\/fuenfhoefe.de\/en\/wp-json\/wp\/v2\/types\/page"}],"author":[{"embeddable":true,"href":"https:\/\/fuenfhoefe.de\/en\/wp-json\/wp\/v2\/users\/5"}],"replies":[{"embeddable":true,"href":"https:\/\/fuenfhoefe.de\/en\/wp-json\/wp\/v2\/comments?post=18"}],"version-history":[{"count":5,"href":"https:\/\/fuenfhoefe.de\/en\/wp-json\/wp\/v2\/pages\/18\/revisions"}],"predecessor-version":[{"id":14851,"href":"https:\/\/fuenfhoefe.de\/en\/wp-json\/wp\/v2\/pages\/18\/revisions\/14851"}],"wp:featuredmedia":[{"embeddable":true,"href":"https:\/\/fuenfhoefe.de\/en\/wp-json\/wp\/v2\/media\/1917"}],"wp:attachment":[{"href":"https:\/\/fuenfhoefe.de\/en\/wp-json\/wp\/v2\/media?parent=18"}],"curies":[{"name":"wp","href":"https:\/\/api.w.org\/{rel}","templated":true}]}}